{"version":"1.0","provider_name":"Can Lluc | Blog","provider_url":"https:\/\/www.canlluc.com\/blog","author_name":"Can Lluc","author_url":"https:\/\/www.canlluc.com\/blog\/author\/canlluc\/","title":"Jornadas gastron\u00f3micas de oto\u00f1o - Sabores de Ibiza - Can Lluc | Blog","type":"rich","width":600,"height":338,"html":"<blockquote class=\"wp-embedded-content\" data-secret=\"iOddsAJKAx\"><a href=\"https:\/\/www.canlluc.com\/blog\/jornadas-gastronomicas-de-otono-sabores-de-ibiza\/\">Jornadas gastron\u00f3micas de oto\u00f1o &#8211; Sabores de Ibiza<\/a><\/blockquote><iframe sandbox=\"allow-scripts\" security=\"restricted\" src=\"https:\/\/www.canlluc.com\/blog\/jornadas-gastronomicas-de-otono-sabores-de-ibiza\/embed\/#?secret=iOddsAJKAx\" width=\"600\" height=\"338\" title=\"\u00abJornadas gastron\u00f3micas de oto\u00f1o &#8211; Sabores de Ibiza\u00bb \u2014 Can Lluc | Blog\" data-secret=\"iOddsAJKAx\" frameborder=\"0\" marginwidth=\"0\" marginheight=\"0\" scrolling=\"no\" class=\"wp-embedded-content\"><\/iframe><script>\n\/*! This file is auto-generated *\/\n!function(c,d){\"use strict\";var e=!1,o=!1;if(d.querySelector)if(c.addEventListener)e=!0;if(c.wp=c.wp||{},c.wp.receiveEmbedMessage);else if(c.wp.receiveEmbedMessage=function(e){var t=e.data;if(!t);else if(!(t.secret||t.message||t.value));else if(\/[^a-zA-Z0-9]\/.test(t.secret));else{for(var r,s,a,i=d.querySelectorAll('iframe[data-secret=\"'+t.secret+'\"]'),n=d.querySelectorAll('blockquote[data-secret=\"'+t.secret+'\"]'),o=new RegExp(\"^https?:$\",\"i\"),l=0;l<n.length;l++)n[l].style.display=\"none\";for(l=0;l<i.length;l++)if(r=i[l],e.source!==r.contentWindow);else{if(r.removeAttribute(\"style\"),\"height\"===t.message){if(1e3<(s=parseInt(t.value,10)))s=1e3;else if(~~s<200)s=200;r.height=s}if(\"link\"===t.message)if(s=d.createElement(\"a\"),a=d.createElement(\"a\"),s.href=r.getAttribute(\"src\"),a.href=t.value,!o.test(a.protocol));else if(a.host===s.host)if(d.activeElement===r)c.top.location.href=t.value}}},e)c.addEventListener(\"message\",c.wp.receiveEmbedMessage,!1),d.addEventListener(\"DOMContentLoaded\",t,!1),c.addEventListener(\"load\",t,!1);function t(){if(o);else{o=!0;for(var e,t,r,s=-1!==navigator.appVersion.indexOf(\"MSIE 10\"),a=!!navigator.userAgent.match(\/Trident.*rv:11\\.\/),i=d.querySelectorAll(\"iframe.wp-embedded-content\"),n=0;n<i.length;n++){if(!(r=(t=i[n]).getAttribute(\"data-secret\")))r=Math.random().toString(36).substr(2,10),t.src+=\"#?secret=\"+r,t.setAttribute(\"data-secret\",r);if(s||a)(e=t.cloneNode(!0)).removeAttribute(\"security\"),t.parentNode.replaceChild(e,t);t.contentWindow.postMessage({message:\"ready\",secret:r},\"*\")}}}}(window,document);\n<\/script>\n","thumbnail_url":"https:\/\/www.canlluc.com\/blog\/wp-content\/uploads\/2019\/11\/gastrojornadas_ibiza.jpg","thumbnail_width":1000,"thumbnail_height":613,"description":"&nbsp; Can Lluc participa en las jornadas gastron\u00f3micas de oto\u00f1o Ibiza Sabor 2019, que alcanzan su XIII edici\u00f3n, centradas en la promoci\u00f3n de los productos de la isla. Se desarrollan del 31 de octubre al 5 de diciembre. En Can Lluc podr\u00e1s degustar el sabor m\u00e1s aut\u00e9ntico de Ibiza en un men\u00fa cerrado de 25 ... Leer m\u00e1s"}